{"id":60,"date":"2024-02-01T21:22:20","date_gmt":"2024-02-01T20:22:20","guid":{"rendered":"http:\/\/www.glacerimo.fr\/?page_id=60"},"modified":"2024-03-29T20:47:24","modified_gmt":"2024-03-29T19:47:24","slug":"book-now","status":"publish","type":"page","link":"https:\/\/www.glacerimo.fr\/?page_id=60","title":{"rendered":"La ferme"},"content":{"rendered":"\t\t<div data-elementor-type=\"wp-page\" data-elementor-id=\"60\" class=\"elementor elementor-60\" data-elementor-post-type=\"page\">\n\t\t\t\t<div class=\"elementor-element elementor-element-386964a e-flex e-con-boxed e-con e-parent\" data-id=\"386964a\" data-element_type=\"container\">\n\t\t\t\t\t<div class=\"e-con-inner\">\n\t\t\t\t<div class=\"elementor-element elementor-element-ae8d8c0 elementor-widget elementor-widget-spacer\" data-id=\"ae8d8c0\" data-element_type=\"widget\" data-widget_type=\"spacer.default\">\n\t\t\t\t<div class=\"elementor-widget-container\">\n\t\t\t\t\t\t\t<div class=\"elementor-spacer\">\n\t\t\t<div class=\"elementor-spacer-inner\"><\/div>\n\t\t<\/div>\n\t\t\t\t\t\t<\/div>\n\t\t\t\t<\/div>\n\t\t\t\t<div class=\"elementor-element elementor-element-a80b7d0 elementor-headline--style-highlight elementor-widget elementor-widget-animated-headline\" data-id=\"a80b7d0\" data-element_type=\"widget\" data-settings=\"{&quot;marker&quot;:&quot;underline&quot;,&quot;highlighted_text&quot;:&quot;RIMAUD&quot;,&quot;headline_style&quot;:&quot;highlight&quot;,&quot;loop&quot;:&quot;yes&quot;,&quot;highlight_animation_duration&quot;:1200,&quot;highlight_iteration_delay&quot;:8000}\" data-widget_type=\"animated-headline.default\">\n\t\t\t\t<div class=\"elementor-widget-container\">\n\t\t\t\t\t\t\t<h3 class=\"elementor-headline\">\n\t\t\t\t\t<span class=\"elementor-headline-plain-text elementor-headline-text-wrapper\">D\u00e9couvrez la FERME<\/span>\n\t\t\t\t<span class=\"elementor-headline-dynamic-wrapper elementor-headline-text-wrapper\">\n\t\t\t\t\t<span class=\"elementor-headline-dynamic-text elementor-headline-text-active\">RIMAUD<\/span>\n\t\t\t\t<\/span>\n\t\t\t\t<\/h3>\n\t\t\t\t\t\t<\/div>\n\t\t\t\t<\/div>\n\t\t\t\t<div class=\"elementor-element elementor-element-527aa3a elementor-widget elementor-widget-spacer\" data-id=\"527aa3a\" data-element_type=\"widget\" data-widget_type=\"spacer.default\">\n\t\t\t\t<div class=\"elementor-widget-container\">\n\t\t\t\t\t\t\t<div class=\"elementor-spacer\">\n\t\t\t<div class=\"elementor-spacer-inner\"><\/div>\n\t\t<\/div>\n\t\t\t\t\t\t<\/div>\n\t\t\t\t<\/div>\n\t\t\t\t\t<\/div>\n\t\t\t\t<\/div>\n\t\t<div class=\"elementor-element elementor-element-4962a69 e-flex e-con-boxed e-con e-parent\" data-id=\"4962a69\" data-element_type=\"container\">\n\t\t\t\t\t<div class=\"e-con-inner\">\n\t\t<div class=\"elementor-element elementor-element-6213c73 e-flex e-con-boxed e-con e-child\" data-id=\"6213c73\" data-element_type=\"container\">\n\t\t\t\t\t<div class=\"e-con-inner\">\n\t\t\t\t<div class=\"elementor-element elementor-element-03653da elementor-cta--layout-image-left elementor-cta--skin-classic elementor-animated-content elementor-bg-transform elementor-bg-transform-zoom-in elementor-widget elementor-widget-call-to-action\" data-id=\"03653da\" data-element_type=\"widget\" data-widget_type=\"call-to-action.default\">\n\t\t\t\t<div class=\"elementor-widget-container\">\n\t\t\t\t\t\t\t<div class=\"elementor-cta\">\n\t\t\t\t\t<div class=\"elementor-cta__bg-wrapper\">\n\t\t\t\t<div class=\"elementor-cta__bg elementor-bg\" style=\"background-image: url(https:\/\/www.glacerimo.fr\/wp-content\/uploads\/2024\/03\/IMG_1948-scaled-e1711706012235.jpg);\" role=\"img\" aria-label=\"IMG_1948\"><\/div>\n\t\t\t\t<div class=\"elementor-cta__bg-overlay\"><\/div>\n\t\t\t<\/div>\n\t\t\t\t\t\t\t<div class=\"elementor-cta__content\">\n\t\t\t\t\n\t\t\t\t\t\t\t\t\t<h3 class=\"elementor-cta__title elementor-cta__content-item elementor-content-item\">\n\t\t\t\t\t\tUn Travail Humain avec Simon RIMAUD\t\t\t\t\t<\/h3>\n\t\t\t\t\n\t\t\t\t\t\t\t\t\t<div class=\"elementor-cta__description elementor-cta__content-item elementor-content-item\">\n\t\t\t\t\t\tSimon est associ\u00e9 sur la ferme depuis 2018. <br>Apr\u00e8s s'\u00eatre form\u00e9 au Lyc\u00e9e Agricole de Cibeins dans l'Ain en apprentissage et apr\u00e8s avoir pass\u00e9 pr\u00e8s de 2 ans \u00e0 l'\u00e9tranger (au Canada et en Australie), il reprend la place de son p\u00e8re (Xavier) au sein de l'exploitation.  <br>Il est responsable des cultures et des fourrages pour l'alimentation des vaches et g\u00e8re la production de lait.\t\t\t\t\t<\/div>\n\t\t\t\t\n\t\t\t\t\t\t\t<\/div>\n\t\t\t\t\t\t<\/div>\n\t\t\t\t\t\t<\/div>\n\t\t\t\t<\/div>\n\t\t<div class=\"elementor-element elementor-element-012768c e-flex e-con-boxed e-con e-child\" data-id=\"012768c\" data-element_type=\"container\">\n\t\t\t\t\t<div class=\"e-con-inner\">\n\t\t\t\t<div class=\"elementor-element elementor-element-0975221 elementor-cta--layout-image-right elementor-cta--skin-classic elementor-animated-content elementor-bg-transform elementor-bg-transform-zoom-in elementor-widget elementor-widget-call-to-action\" data-id=\"0975221\" data-element_type=\"widget\" data-widget_type=\"call-to-action.default\">\n\t\t\t\t<div class=\"elementor-widget-container\">\n\t\t\t\t\t\t\t<div class=\"elementor-cta\">\n\t\t\t\t\t<div class=\"elementor-cta__bg-wrapper\">\n\t\t\t\t<div class=\"elementor-cta__bg elementor-bg\" style=\"background-image: url(https:\/\/www.glacerimo.fr\/wp-content\/uploads\/2024\/03\/mention-valorisante-exploitation-Haute-Valeur-Environnementale.svg);\" role=\"img\" aria-label=\"mention-valorisante-exploitation-Haute-Valeur-Environnementale\"><\/div>\n\t\t\t\t<div class=\"elementor-cta__bg-overlay\"><\/div>\n\t\t\t<\/div>\n\t\t\t\t\t\t\t<div class=\"elementor-cta__content\">\n\t\t\t\t\n\t\t\t\t\t\t\t\t\t<h3 class=\"elementor-cta__title elementor-cta__content-item elementor-content-item\">\n\t\t\t\t\t\tDes Pratiques Agricoles Durables\t\t\t\t\t<\/h3>\n\t\t\t\t\n\t\t\t\t\t\t\t\t\t<div class=\"elementor-cta__description elementor-cta__content-item elementor-content-item\">\n\t\t\t\t\t\tLa certification \u201cHaute Valeur Environnementale\u201d atteste de la mise en place de pratiques agro-\u00e9cologiques au sein de notre exploitation  comme :<br>\nLa biodiversit\u00e9 dans les cultures,<br>\nLa pr\u00e9servation de la vie des sols pour maintenir le vivant et la fertilit\u00e9 des parcelles,<br>\nLe d\u00e9veloppent des synergies positives avec l\u2019environnement naturel des cultures.\t\t\t\t\t<\/div>\n\t\t\t\t\n\t\t\t\t\t\t\t\t\t<div class=\"elementor-cta__button-wrapper elementor-cta__content-item elementor-content-item \">\n\t\t\t\t\t<a class=\"elementor-cta__button elementor-button elementor-size-\" href=\"https:\/\/hve-asso.com\/espace-consommateurs\/\" target=\"_blank\">\n\t\t\t\t\t\tLe label HVE\t\t\t\t\t<\/a>\n\t\t\t\t\t<\/div>\n\t\t\t\t\t\t\t<\/div>\n\t\t\t\t\t\t<\/div>\n\t\t\t\t\t\t<\/div>\n\t\t\t\t<\/div>\n\t\t\t\t<div class=\"elementor-element elementor-element-bf31416 elementor-cta--layout-image-left elementor-cta--skin-classic elementor-animated-content elementor-bg-transform elementor-bg-transform-zoom-in elementor-widget elementor-widget-call-to-action\" data-id=\"bf31416\" data-element_type=\"widget\" data-widget_type=\"call-to-action.default\">\n\t\t\t\t<div class=\"elementor-widget-container\">\n\t\t\t\t\t\t\t<div class=\"elementor-cta\">\n\t\t\t\t\t<div class=\"elementor-cta__bg-wrapper\">\n\t\t\t\t<div class=\"elementor-cta__bg elementor-bg\" style=\"background-image: url(https:\/\/www.glacerimo.fr\/wp-content\/uploads\/2024\/02\/IMG_20201126_130238-scaled.jpg);\" role=\"img\" aria-label=\"IMG_20201126_130238\"><\/div>\n\t\t\t\t<div class=\"elementor-cta__bg-overlay\"><\/div>\n\t\t\t<\/div>\n\t\t\t\t\t\t\t<div class=\"elementor-cta__content\">\n\t\t\t\t\n\t\t\t\t\t\t\t\t\t<h3 class=\"elementor-cta__title elementor-cta__content-item elementor-content-item\">\n\t\t\t\t\t\t100 Vaches Laiti\u00e8res\t\t\t\t\t<\/h3>\n\t\t\t\t\n\t\t\t\t\t\t\t\t\t<div class=\"elementor-cta__description elementor-cta__content-item elementor-content-item\">\n\t\t\t\t\t\tMeuuuuuuuuuuuuuuuuh !<br><br>Pour produire du lait une vache, doit mettre bas \u00e0 un veau par an.<br> Nous \u00e9levons les femelles pour le renouvellement du troupeau qui vellent pour leurs premi\u00e8res fois \u00e0 2 ans.<br>Les vaches sont traites 2 fois par jour.<br>Elle se nourrissent principalement d'herbe qu'elles p\u00e2turent d'avril \u00e0 octobre.<br>Nous produisons 98% de leur alimentation autour de la ferme.<br><br>Elles ont toutes un pr\u00e9nom !\t\t\t\t\t<\/div>\n\t\t\t\t\n\t\t\t\t\t\t\t\t\t<div class=\"elementor-cta__button-wrapper elementor-cta__content-item elementor-content-item \">\n\t\t\t\t\t<a class=\"elementor-cta__button elementor-button elementor-size-\" href=\"https:\/\/www.glacerimo.fr\/?page_id=63\">\n\t\t\t\t\t\tRencontrez les vaches\t\t\t\t\t<\/a>\n\t\t\t\t\t<\/div>\n\t\t\t\t\t\t\t<\/div>\n\t\t\t\t\t\t<\/div>\n\t\t\t\t\t\t<\/div>\n\t\t\t\t<\/div>\n\t\t\t\t\t<\/div>\n\t\t\t\t<\/div>\n\t\t\t\t\t<\/div>\n\t\t\t\t<\/div>\n\t\t\t\t\t<\/div>\n\t\t\t\t<\/div>\n\t\t<div class=\"elementor-element elementor-element-b4222f3 e-flex e-con-boxed e-con e-parent\" data-id=\"b4222f3\" data-element_type=\"container\">\n\t\t\t\t\t<div class=\"e-con-inner\">\n\t\t\t\t<div class=\"elementor-element elementor-element-0fd7f4a elementor-widget elementor-widget-spacer\" data-id=\"0fd7f4a\" data-element_type=\"widget\" data-widget_type=\"spacer.default\">\n\t\t\t\t<div class=\"elementor-widget-container\">\n\t\t\t\t\t\t\t<div class=\"elementor-spacer\">\n\t\t\t<div class=\"elementor-spacer-inner\"><\/div>\n\t\t<\/div>\n\t\t\t\t\t\t<\/div>\n\t\t\t\t<\/div>\n\t\t\t\t\t<\/div>\n\t\t\t\t<\/div>\n\t\t<div class=\"elementor-element elementor-element-d5e4736 e-flex e-con-boxed e-con e-parent\" data-id=\"d5e4736\" data-element_type=\"container\">\n\t\t\t\t\t<div class=\"e-con-inner\">\n\t\t\t\t<div class=\"elementor-element elementor-element-430c7f2 elementor-widget elementor-widget-gallery\" data-id=\"430c7f2\" data-element_type=\"widget\" data-settings=\"{&quot;lazyload&quot;:&quot;yes&quot;,&quot;gallery_layout&quot;:&quot;grid&quot;,&quot;columns&quot;:4,&quot;columns_tablet&quot;:2,&quot;columns_mobile&quot;:1,&quot;gap&quot;:{&quot;unit&quot;:&quot;px&quot;,&quot;size&quot;:10,&quot;sizes&quot;:[]},&quot;gap_tablet&quot;:{&quot;unit&quot;:&quot;px&quot;,&quot;size&quot;:10,&quot;sizes&quot;:[]},&quot;gap_mobile&quot;:{&quot;unit&quot;:&quot;px&quot;,&quot;size&quot;:10,&quot;sizes&quot;:[]},&quot;link_to&quot;:&quot;file&quot;,&quot;aspect_ratio&quot;:&quot;3:2&quot;,&quot;overlay_background&quot;:&quot;yes&quot;,&quot;content_hover_animation&quot;:&quot;fade-in&quot;}\" data-widget_type=\"gallery.default\">\n\t\t\t\t<div class=\"elementor-widget-container\">\n\t\t\t\t\t\t\t<div class=\"elementor-gallery__container\">\n\t\t\t\t\t\t\t<a class=\"e-gallery-item elementor-gallery-item elementor-animated-content\" href=\"https:\/\/www.glacerimo.fr\/wp-content\/uploads\/2024\/02\/IMG_0077-scaled.jpg\" data-elementor-open-lightbox=\"yes\" data-elementor-lightbox-slideshow=\"430c7f2\" data-elementor-lightbox-title=\"IMG_0077\" data-e-action-hash=\"#elementor-action%3Aaction%3Dlightbox%26settings%3DeyJpZCI6NTc0LCJ1cmwiOiJodHRwczpcL1wvd3d3LmdsYWNlcmltby5mclwvd3AtY29udGVudFwvdXBsb2Fkc1wvMjAyNFwvMDJcL0lNR18wMDc3LXNjYWxlZC5qcGciLCJzbGlkZXNob3ciOiI0MzBjN2YyIn0%3D\">\n\t\t\t\t\t<div class=\"e-gallery-image elementor-gallery-item__image\" data-thumbnail=\"https:\/\/www.glacerimo.fr\/wp-content\/uploads\/2024\/02\/IMG_0077-225x300.jpg\" data-width=\"225\" data-height=\"300\" aria-label=\"\" role=\"img\" ><\/div>\n\t\t\t\t\t\t\t\t\t\t\t<div class=\"elementor-gallery-item__overlay\"><\/div>\n\t\t\t\t\t\t\t\t\t\t\t\t\t\t<\/a>\n\t\t\t\t\t\t\t<a class=\"e-gallery-item elementor-gallery-item elementor-animated-content\" href=\"https:\/\/www.glacerimo.fr\/wp-content\/uploads\/2024\/02\/20230314_175522-scaled.jpg\" data-elementor-open-lightbox=\"yes\" data-elementor-lightbox-slideshow=\"430c7f2\" data-elementor-lightbox-title=\"20230314_175522\" data-e-action-hash=\"#elementor-action%3Aaction%3Dlightbox%26settings%3DeyJpZCI6NTU1LCJ1cmwiOiJodHRwczpcL1wvd3d3LmdsYWNlcmltby5mclwvd3AtY29udGVudFwvdXBsb2Fkc1wvMjAyNFwvMDJcLzIwMjMwMzE0XzE3NTUyMi1zY2FsZWQuanBnIiwic2xpZGVzaG93IjoiNDMwYzdmMiJ9\">\n\t\t\t\t\t<div class=\"e-gallery-image elementor-gallery-item__image\" data-thumbnail=\"https:\/\/www.glacerimo.fr\/wp-content\/uploads\/2024\/02\/20230314_175522-300x169.jpg\" data-width=\"300\" data-height=\"169\" aria-label=\"\" role=\"img\" ><\/div>\n\t\t\t\t\t\t\t\t\t\t\t<div class=\"elementor-gallery-item__overlay\"><\/div>\n\t\t\t\t\t\t\t\t\t\t\t\t\t\t<\/a>\n\t\t\t\t\t\t\t<a class=\"e-gallery-item elementor-gallery-item elementor-animated-content\" href=\"https:\/\/www.glacerimo.fr\/wp-content\/uploads\/2024\/02\/IMG_0424-scaled.jpg\" data-elementor-open-lightbox=\"yes\" data-elementor-lightbox-slideshow=\"430c7f2\" data-elementor-lightbox-title=\"IMG_0424\" data-e-action-hash=\"#elementor-action%3Aaction%3Dlightbox%26settings%3DeyJpZCI6NTcxLCJ1cmwiOiJodHRwczpcL1wvd3d3LmdsYWNlcmltby5mclwvd3AtY29udGVudFwvdXBsb2Fkc1wvMjAyNFwvMDJcL0lNR18wNDI0LXNjYWxlZC5qcGciLCJzbGlkZXNob3ciOiI0MzBjN2YyIn0%3D\">\n\t\t\t\t\t<div class=\"e-gallery-image elementor-gallery-item__image\" data-thumbnail=\"https:\/\/www.glacerimo.fr\/wp-content\/uploads\/2024\/02\/IMG_0424-225x300.jpg\" data-width=\"225\" data-height=\"300\" aria-label=\"\" role=\"img\" ><\/div>\n\t\t\t\t\t\t\t\t\t\t\t<div class=\"elementor-gallery-item__overlay\"><\/div>\n\t\t\t\t\t\t\t\t\t\t\t\t\t\t<\/a>\n\t\t\t\t\t\t\t<a class=\"e-gallery-item elementor-gallery-item elementor-animated-content\" href=\"https:\/\/www.glacerimo.fr\/wp-content\/uploads\/2024\/02\/20230412_194716-scaled.jpg\" data-elementor-open-lightbox=\"yes\" data-elementor-lightbox-slideshow=\"430c7f2\" data-elementor-lightbox-title=\"20230412_194716\" data-e-action-hash=\"#elementor-action%3Aaction%3Dlightbox%26settings%3DeyJpZCI6NTU2LCJ1cmwiOiJodHRwczpcL1wvd3d3LmdsYWNlcmltby5mclwvd3AtY29udGVudFwvdXBsb2Fkc1wvMjAyNFwvMDJcLzIwMjMwNDEyXzE5NDcxNi1zY2FsZWQuanBnIiwic2xpZGVzaG93IjoiNDMwYzdmMiJ9\">\n\t\t\t\t\t<div class=\"e-gallery-image elementor-gallery-item__image\" data-thumbnail=\"https:\/\/www.glacerimo.fr\/wp-content\/uploads\/2024\/02\/20230412_194716-300x169.jpg\" data-width=\"300\" data-height=\"169\" aria-label=\"\" role=\"img\" ><\/div>\n\t\t\t\t\t\t\t\t\t\t\t<div class=\"elementor-gallery-item__overlay\"><\/div>\n\t\t\t\t\t\t\t\t\t\t\t\t\t\t<\/a>\n\t\t\t\t\t\t\t<a class=\"e-gallery-item elementor-gallery-item elementor-animated-content\" href=\"https:\/\/www.glacerimo.fr\/wp-content\/uploads\/2024\/02\/20230529_094713-scaled.jpg\" data-elementor-open-lightbox=\"yes\" data-elementor-lightbox-slideshow=\"430c7f2\" data-elementor-lightbox-title=\"20230529_094713\" data-e-action-hash=\"#elementor-action%3Aaction%3Dlightbox%26settings%3DeyJpZCI6NTU4LCJ1cmwiOiJodHRwczpcL1wvd3d3LmdsYWNlcmltby5mclwvd3AtY29udGVudFwvdXBsb2Fkc1wvMjAyNFwvMDJcLzIwMjMwNTI5XzA5NDcxMy1zY2FsZWQuanBnIiwic2xpZGVzaG93IjoiNDMwYzdmMiJ9\">\n\t\t\t\t\t<div class=\"e-gallery-image elementor-gallery-item__image\" data-thumbnail=\"https:\/\/www.glacerimo.fr\/wp-content\/uploads\/2024\/02\/20230529_094713-300x169.jpg\" data-width=\"300\" data-height=\"169\" aria-label=\"\" role=\"img\" ><\/div>\n\t\t\t\t\t\t\t\t\t\t\t<div class=\"elementor-gallery-item__overlay\"><\/div>\n\t\t\t\t\t\t\t\t\t\t\t\t\t\t<\/a>\n\t\t\t\t\t\t\t<a class=\"e-gallery-item elementor-gallery-item elementor-animated-content\" href=\"https:\/\/www.glacerimo.fr\/wp-content\/uploads\/2024\/02\/IMG_20200713_195745-scaled.jpg\" data-elementor-open-lightbox=\"yes\" data-elementor-lightbox-slideshow=\"430c7f2\" data-elementor-lightbox-title=\"IMG_20200713_195745\" data-e-action-hash=\"#elementor-action%3Aaction%3Dlightbox%26settings%3DeyJpZCI6NjIwLCJ1cmwiOiJodHRwczpcL1wvd3d3LmdsYWNlcmltby5mclwvd3AtY29udGVudFwvdXBsb2Fkc1wvMjAyNFwvMDJcL0lNR18yMDIwMDcxM18xOTU3NDUtc2NhbGVkLmpwZyIsInNsaWRlc2hvdyI6IjQzMGM3ZjIifQ%3D%3D\">\n\t\t\t\t\t<div class=\"e-gallery-image elementor-gallery-item__image\" data-thumbnail=\"https:\/\/www.glacerimo.fr\/wp-content\/uploads\/2024\/02\/IMG_20200713_195745-300x169.jpg\" data-width=\"300\" data-height=\"169\" aria-label=\"\" role=\"img\" ><\/div>\n\t\t\t\t\t\t\t\t\t\t\t<div class=\"elementor-gallery-item__overlay\"><\/div>\n\t\t\t\t\t\t\t\t\t\t\t\t\t\t<\/a>\n\t\t\t\t\t\t\t<a class=\"e-gallery-item elementor-gallery-item elementor-animated-content\" href=\"https:\/\/www.glacerimo.fr\/wp-content\/uploads\/2024\/03\/IMG_1937-scaled.jpg\" data-elementor-open-lightbox=\"yes\" data-elementor-lightbox-slideshow=\"430c7f2\" data-elementor-lightbox-title=\"IMG_1937\" data-e-action-hash=\"#elementor-action%3Aaction%3Dlightbox%26settings%3DeyJpZCI6NzIxLCJ1cmwiOiJodHRwczpcL1wvd3d3LmdsYWNlcmltby5mclwvd3AtY29udGVudFwvdXBsb2Fkc1wvMjAyNFwvMDNcL0lNR18xOTM3LXNjYWxlZC5qcGciLCJzbGlkZXNob3ciOiI0MzBjN2YyIn0%3D\">\n\t\t\t\t\t<div class=\"e-gallery-image elementor-gallery-item__image\" data-thumbnail=\"https:\/\/www.glacerimo.fr\/wp-content\/uploads\/2024\/03\/IMG_1937-225x300.jpg\" data-width=\"225\" data-height=\"300\" aria-label=\"\" role=\"img\" ><\/div>\n\t\t\t\t\t\t\t\t\t\t\t<div class=\"elementor-gallery-item__overlay\"><\/div>\n\t\t\t\t\t\t\t\t\t\t\t\t\t\t<\/a>\n\t\t\t\t\t<\/div>\n\t\t\t\t\t<\/div>\n\t\t\t\t<\/div>\n\t\t\t\t<div class=\"elementor-element elementor-element-4fd21cb elementor-widget elementor-widget-spacer\" data-id=\"4fd21cb\" data-element_type=\"widget\" data-widget_type=\"spacer.default\">\n\t\t\t\t<div class=\"elementor-widget-container\">\n\t\t\t\t\t\t\t<div class=\"elementor-spacer\">\n\t\t\t<div class=\"elementor-spacer-inner\"><\/div>\n\t\t<\/div>\n\t\t\t\t\t\t<\/div>\n\t\t\t\t<\/div>\n\t\t\t\t\t<\/div>\n\t\t\t\t<\/div>\n\t\t\t\t<\/div>\n\t\t","protected":false},"excerpt":{"rendered":"<p>D\u00e9couvrez la FERME RIMAUD Un Travail Humain avec Simon RIMAUD Simon est associ\u00e9 sur la ferme depuis 2018. Apr\u00e8s s&#8217;\u00eatre form\u00e9 au Lyc\u00e9e Agricole de Cibeins dans l&#8217;Ain en apprentissage et apr\u00e8s avoir pass\u00e9 pr\u00e8s de 2 ans \u00e0 l&#8217;\u00e9tranger (au Canada et en Australie), il reprend la place de son p\u00e8re (Xavier) au sein&hellip; <a class=\"more-link\" href=\"https:\/\/www.glacerimo.fr\/?page_id=60\">Continue reading <span class=\"screen-reader-text\">La ferme<\/span><\/a><\/p>\n","protected":false},"author":1,"featured_media":0,"parent":0,"menu_order":0,"comment_status":"closed","ping_status":"closed","template":"elementor_header_footer","meta":{"footnotes":""},"class_list":["post-60","page","type-page","status-publish","hentry","entry"],"_links":{"self":[{"href":"https:\/\/www.glacerimo.fr\/index.php?rest_route=\/wp\/v2\/pages\/60","targetHints":{"allow":["GET"]}}],"collection":[{"href":"https:\/\/www.glacerimo.fr\/index.php?rest_route=\/wp\/v2\/pages"}],"about":[{"href":"https:\/\/www.glacerimo.fr\/index.php?rest_route=\/wp\/v2\/types\/page"}],"author":[{"embeddable":true,"href":"https:\/\/www.glacerimo.fr\/index.php?rest_route=\/wp\/v2\/users\/1"}],"replies":[{"embeddable":true,"href":"https:\/\/www.glacerimo.fr\/index.php?rest_route=%2Fwp%2Fv2%2Fcomments&post=60"}],"version-history":[{"count":104,"href":"https:\/\/www.glacerimo.fr\/index.php?rest_route=\/wp\/v2\/pages\/60\/revisions"}],"predecessor-version":[{"id":742,"href":"https:\/\/www.glacerimo.fr\/index.php?rest_route=\/wp\/v2\/pages\/60\/revisions\/742"}],"wp:attachment":[{"href":"https:\/\/www.glacerimo.fr\/index.php?rest_route=%2Fwp%2Fv2%2Fmedia&parent=60"}],"curies":[{"name":"wp","href":"https:\/\/api.w.org\/{rel}","templated":true}]}}